{"id":3975,"date":"2025-01-23T15:33:32","date_gmt":"2025-01-23T15:33:32","guid":{"rendered":"http:\/\/www.partitura.fss.ukf.sk\/?page_id=3975"},"modified":"2025-01-23T17:27:45","modified_gmt":"2025-01-23T17:27:45","slug":"a-masik-nyelv-keresese","status":"publish","type":"page","link":"http:\/\/www.partitura.fss.ukf.sk\/?page_id=3975","title":{"rendered":"A&nbsp;m\u00e1sik nyelv keres\u00e9se. Franz Kafka: <em>A&nbsp;kast\u00e9ly<\/em>"},"content":{"rendered":"<h3><span class=\"fontstyle0\">L\u00e9n\u00e1rt Tam\u00e1s<\/span><\/h3>\n<p><strong><span style=\"color: #666666;\">IN:\u00a0<\/span><\/strong><span style=\"color: #666666;\">Partit\u00fara Irodalomtudom\u00e1nyi foly\u00f3irat, \u00c9vfolyam XIX. , Sz\u00e1m 2, 2024, 3-12.\u00a0oldal , ISSN 1336-7307<\/span> <strong>DOI:\u00a0<\/strong>10.17846\/PA.2024.19.2.3-12\u00a0<strong>Absztrakt:<\/strong><\/p>\n<blockquote><p>A\u00a0tanulm\u00e1ny Franz Kafka A kast\u00e9ly c\u00edm\u0171 reg\u00e9nyt\u00f6red\u00e9k\u00e9t vizsg\u00e1lja, els\u0151dlegesen a\u00a0nyelvhaszn\u00e1lat \u00e9s\u00a0annak anom\u00e1li\u00e1i szempontj\u00e1b\u00f3l. A\u00a0vizsg\u00e1lat kiindul\u00f3pontja a\u00a0Gilles Deleuze \u00e9s\u00a0F\u00e9lix Guattari Kafka c. k\u00f6nyv\u00e9ben megfogalmazott nyelvszeml\u00e9let, amely egy\u00a0primordi\u00e1lis felfog\u00e1s helyett a\u00a0nyelvet m\u00e1sodlagosnak, idegennek \u00e9s\u00a0ak\u00e1r vesz\u00e9lyesnek tekinti. E\u00a0felfog\u00e1s fel\u0151l k\u00f6zel\u00edtve a\u00a0reg\u00e9nyt\u00f6red\u00e9khez, annak elbesz\u00e9l\u0151i hangja egy\u00a0analitikus, k\u00eds\u00e9rletez\u0151, ugyanakkor m\u00e9rlegel\u0151 \u00e9s\u00a0megb\u00edzhatatlan, egysz\u00f3val idegennek hat\u00f3 nyelvet besz\u00e9l, amely nem bemutatja a\u00a0reg\u00e9nyvil\u00e1got, mint ink\u00e1bb form\u00e1lja, alak\u00edtja azt, mik\u00f6zben r\u00e1mutat \u00f6nn\u00f6n v\u00e1ltoz\u00e1saira \u00e9s\u00a0esem\u00e9nyszer\u0171s\u00e9g\u00e9re. Ez\u00a0a saj\u00e1tos nyelvhaszn\u00e1lat alapozza meg a\u00a0sz\u00f6- veg k\u00fcl\u00f6n\u00f6s, \u201ek\u00eds\u00e9rteties\u201d l\u00e9gk\u00f6r\u00e9t, a\u00a0sokszor \u201ehelyn\u00e9lk\u00fcli\u201d szerepl\u0151ket \u00e9s\u00a0interakci\u00f3ikat, \u00e9s\u00a0ezzel a\u00a020\u00a0sz\u00e1zadi pr\u00f3zairodalom egyik meghat\u00e1roz\u00f3 tendenci\u00e1j\u00e1nak egyik els\u0151, paradigmaalkot\u00f3 m\u0171v\u00e9nek tekinthet\u0151.<\/p><\/blockquote>\n<p><a href=\"\/wp-content\/uploads\/2025\/01\/Partitura-2024-02-003-012.pdf\"><strong>Teljes sz\u00f6veg<\/strong><\/a><\/p>\n","protected":false},"excerpt":{"rendered":"<p>L\u00e9n\u00e1rt Tam\u00e1s IN:\u00a0Partit\u00fara Irodalomtudom\u00e1nyi foly\u00f3irat, \u00c9vfolyam XIX. , Sz\u00e1m 2, 2024, 3-12.\u00a0oldal , ISSN 1336-7307 [&hellip;]<\/p>\n","protected":false},"author":5,"featured_media":0,"parent":0,"menu_order":0,"comment_status":"closed","ping_status":"closed","template":"","meta":[],"_links":{"self":[{"href":"http:\/\/www.partitura.fss.ukf.sk\/index.php?rest_route=\/wp\/v2\/pages\/3975"}],"collection":[{"href":"http:\/\/www.partitura.fss.ukf.sk\/index.php?rest_route=\/wp\/v2\/pages"}],"about":[{"href":"http:\/\/www.partitura.fss.ukf.sk\/index.php?rest_route=\/wp\/v2\/types\/page"}],"author":[{"embeddable":true,"href":"http:\/\/www.partitura.fss.ukf.sk\/index.php?rest_route=\/wp\/v2\/users\/5"}],"replies":[{"embeddable":true,"href":"http:\/\/www.partitura.fss.ukf.sk\/index.php?rest_route=%2Fwp%2Fv2%2Fcomments&post=3975"}],"version-history":[{"count":5,"href":"http:\/\/www.partitura.fss.ukf.sk\/index.php?rest_route=\/wp\/v2\/pages\/3975\/revisions"}],"predecessor-version":[{"id":4053,"href":"http:\/\/www.partitura.fss.ukf.sk\/index.php?rest_route=\/wp\/v2\/pages\/3975\/revisions\/4053"}],"wp:attachment":[{"href":"http:\/\/www.partitura.fss.ukf.sk\/index.php?rest_route=%2Fwp%2Fv2%2Fmedia&parent=3975"}],"curies":[{"name":"wp","href":"https:\/\/api.w.org\/{rel}","templated":true}]}}